{"id":2471,"date":"2021-05-11T08:30:36","date_gmt":"2021-05-11T08:30:36","guid":{"rendered":"https:\/\/plastar.ee\/jatkusuutlikkus\/"},"modified":"2026-04-20T09:11:37","modified_gmt":"2026-04-20T06:11:37","slug":"hallbarhet","status":"publish","type":"page","link":"https:\/\/plastar.ee\/sv\/hallbarhet\/","title":{"rendered":"H\u00e5llbarhet"},"content":{"rendered":"<!DOCTYPE html PUBLIC \"-\/\/W3C\/\/DTD HTML 4.0 Transitional\/\/EN\" \"http:\/\/www.w3.org\/TR\/REC-html40\/loose.dtd\">\n<html><body><div class=\"wp-block-columns intro is-layout-flex wp-container-core-columns-is-layout-9d6595d7 wp-block-columns-is-layout-flex\">\n<div class=\"wp-block-column is-layout-flow wp-block-column-is-layout-flow\">\n<figure class=\"wp-block-image size-large is-resized is-style-default with-lines square\"><img loading=\"lazy\" decoding=\"async\" width=\"1024\" height=\"724\" src=\"https:\/\/plastar.ee\/wp-content\/uploads\/2021\/09\/5-1-1024x724.png\" alt=\"\" class=\"wp-image-1349\" style=\"width:403px;height:284px\" srcset=\"https:\/\/plastar.ee\/wp-content\/uploads\/2021\/09\/5-1-1024x724.png 1024w, https:\/\/plastar.ee\/wp-content\/uploads\/2021\/09\/5-1-300x212.png 300w, https:\/\/plastar.ee\/wp-content\/uploads\/2021\/09\/5-1-768x543.png 768w, https:\/\/plastar.ee\/wp-content\/uploads\/2021\/09\/5-1-1536x1086.png 1536w, https:\/\/plastar.ee\/wp-content\/uploads\/2021\/09\/5-1-2048x1448.png 2048w\" sizes=\"auto, (max-width: 1024px) 100vw, 1024px\" \/><\/figure>\n<\/div>\n\n\n\n<div class=\"wp-block-column is-layout-flow wp-block-column-is-layout-flow\">\n<h1 class=\"wp-block-heading\" id=\"jatkusuutlikkus\">H&aring;llbarhet<\/h1>\n\n\n\n<p>H&aring;llbarhet &auml;r ett tema som ligger n&auml;ra hj&auml;rtat f&ouml;r oss. D&auml;rf&ouml;r tar vi p&aring; Estiko alltid h&auml;nsyn till den omgivande milj&ouml;n i v&aring;ra aktiviteter f&ouml;r att bidra till bevarandet av en god livsmilj&ouml; f&ouml;r kommande generationer.<\/p>\n<\/div>\n<\/div>\n\n\n\n\t\t\t<div class=\"stats\">\n\t\t\t\t<div class=\"stats-wrapper\">\n\t\t\t\t\t\t\t\t\n\t\t\t\n\t\t\t\t\t<div class=\"numbers f-35\" id=\"amountCount\"> 1.8922<\/div>\n\t\t\t\t\t<div class=\"stats-inner\">\n\t\t\t\t\t\t<div class=\"intro\">\n\t\t\t\t\t\t\t<h4 class=\"f-14\">ton mindre koldioxidavtryck<\/h4>\n\t\t\t\t\t\t\t<p class=\"f-10\">Fr\u00e5n <span id=\"time\" class=\"time\">dagens<\/span> b\u00f6rjan<\/p>\n\t\t\t\t\t\t<\/div>\n\t\t\t\t\t\t<div class=\"selector\">\n\t\t\t\t\t\t\t<div class=\"selection f-10 cir-hover-2\" data-amount=\"1,070.33\" data-timeframe=\"\u00e5rets\">I \u00e5r <\/div>\n\t\t\t\t\t\t\t<div class=\"selection f-10 cir-hover-2\" data-amount=\"9.93\" data-timeframe=\"m\u00e5nadens\">Denna m\u00e5nad <\/div>\n\t\t\t\t\t\t\t<div class=\"selection f-10 cir-hover-2\" data-amount=\"46.0426\" data-timeframe=\"veckans\">Denna vecka <\/div>\n\t\t\t\t\t\t\t<div class=\"selection selected f-10 cir-hover-2\" data-amount=\"1.8922\" data-timeframe=\"dagens\">Idag<\/div>\n\t\t\t\t\t\t<\/div>\n\t\t\t\t\t<\/div>\n\t\t\t\t<\/div>\n\t\t\t<\/div>\n\t\n\n\n\n<div style=\"height:100px\" aria-hidden=\"true\" class=\"wp-block-spacer\"><\/div>\n\n\n\n<div class=\"wp-block-columns intro-last is-layout-flex wp-container-core-columns-is-layout-9d6595d7 wp-block-columns-is-layout-flex\">\n<div class=\"wp-block-column is-layout-flow wp-block-column-is-layout-flow\">\n<p>N&auml;r det g&auml;ller v&aring;ra f&ouml;rpackningsl&ouml;sningars kontinuerliga utveckling har vi alltid varit engagerade i att f&ouml;rb&auml;ttra h&aring;llbarheten i alla &aring;tg&auml;rder vi g&ouml;r. Alla v&aring;ra f&ouml;rpackningsl&ouml;sningar tillverkas med hj&auml;lp av 100% gr&ouml;n energi. <a href=\"https:\/\/plastar.ee\/sv\/nyhet\/estiko-recyclass\/\">Vi har ocks&aring; anslutit oss till RecyClass-initiativet<\/a> f&ouml;r att fr&auml;mja den europeiska cirkul&auml;ra ekonomin och skapa den n&ouml;dv&auml;ndiga infrastrukturen f&ouml;r flexibel &aring;tervinning av f&ouml;rpackningar.<\/p>\n<\/div>\n\n\n\n<div class=\"wp-block-column is-layout-flow wp-block-column-is-layout-flow\">\n<p>Med v&aring;r professionella och flexibla service och innovativa l&ouml;sningar &auml;r vi engagerade i kundernas v&auml;lf&auml;rd. V&aring;r kolklocka visar den m&auml;ngd CO<sub>2<\/sub>-utsl&auml;pp som har uteblivit tack vare v&aring;ra valda alternativ och resultaten kan j&auml;mf&ouml;ras bara med n&aring;gra klick.<\/p>\n<\/div>\n<\/div>\n\n\n\n<div style=\"height:100px\" aria-hidden=\"true\" class=\"wp-block-spacer\"><\/div>\n\n\n\n<div class=\"wp-block-columns achievements is-layout-flex wp-container-core-columns-is-layout-9d6595d7 wp-block-columns-is-layout-flex\">\n<div class=\"wp-block-column is-layout-flow wp-block-column-is-layout-flow\">\n<h2 class=\"wp-block-heading\" id=\"v&aring;r-satsning\">V&aring;r satsning<\/h2>\n\n\n\n<p>Var och en av oss kan bidra till milj&ouml;skydd. P&aring; v&auml;gen mot detta har vi p&aring; Estiko vidtagit m&aring;nga &aring;tg&auml;rder f&ouml;r att minska f&ouml;rpackningsavfall och g&ouml;ra skillnad f&ouml;r en renare milj&ouml;.<\/p>\n<\/div>\n\n\n\n<div class=\"wp-block-column is-layout-flow wp-block-column-is-layout-flow\"><\/div>\n<\/div>\n\n\n\n<div style=\"height:100px\" aria-hidden=\"true\" class=\"wp-block-spacer\"><\/div>\n\n\n\n<div class=\"wp-block-columns sustainability is-layout-flex wp-container-core-columns-is-layout-9d6595d7 wp-block-columns-is-layout-flex\">\n<div class=\"wp-block-column is-vertically-aligned-top is-layout-flow wp-block-column-is-layout-flow\">\n<div class=\"wp-block-image\">\n    <figure class=\"aligncenter size-large\">\n        <div id=\"solarEnergy\"><\/div>\n        <figcaption>GR&Ouml;N<br>ENERGI<\/figcaption>\n    <\/figure>\n<\/div>\n\n\n\n<p class=\"has-text-align-center\">Estiko anv&auml;nder uteslutande gr&ouml;n energi f&ouml;r sin produktion. Dessutom f&aring;r vi omkring 10% av energin fr&aring;n den solenergipark som vi har p&aring; taket till fabriken.<\/p>\n<\/div>\n\n\n\n<div class=\"wp-block-column is-layout-flow wp-block-column-is-layout-flow\">\n<div class=\"wp-block-image\">\n\n<figure class=\"aligncenter size-large\">\n\n<div id=\"jalg\"><\/div><figcaption>MINSKAT<br>KOLAVTRYCK<\/figcaption>\n\n<\/figure><\/div>\n\n\n\n<p class=\"has-text-align-center\">De mer h&aring;llbara alternativ som vi har valt sparar &aring;rligen &ouml;ver 4000 ton CO<sub>2<\/sub>.<\/p>\n<\/div>\n\n\n\n<div class=\"wp-block-column is-layout-flow wp-block-column-is-layout-flow\">\n<div class=\"wp-block-image\">\n    <figure class=\"aligncenter size-large\">\n        <div id=\"waste\"><\/div>\n        <figcaption>&Aring;TERVINNING<br>AV AVFALL<\/figcaption>\n    <\/figure>\n<\/div>\n\n\n\n<p class=\"has-text-align-center\">Vi samlar ihop och k&auml;llsorterar hela v&aring;rt avfall f&ouml;r att underl&auml;tta &aring;tervinning och bevara v&aring;ra naturresurser.<\/p>\n<\/div>\n\n\n\n<div class=\"wp-block-column is-layout-flow wp-block-column-is-layout-flow\">\n<div class=\"wp-block-image\">\n    <figure class=\"aligncenter size-large\">\n        <div id=\"solar\"><\/div>\n        <figcaption>SMARTA<br>TEKNIKER<\/figcaption>\n    <\/figure>\n<\/div>\n\n\n\n<p class=\"has-text-align-center\">Vi anv&auml;nder olika smarta tekniker och l&ouml;sningar i v&aring;rt dagliga arbete f&ouml;r att effektivisera v&aring;r energi- och resursanv&auml;ndning.<\/p>\n<\/div>\n\n\n\n<div class=\"wp-block-column is-layout-flow wp-block-column-is-layout-flow\">\n<div class=\"wp-block-image\">\n    <figure class=\"aligncenter size-large\">\n        <div id=\"sustainable\"><\/div>\n        <figcaption>H&Aring;LLBARA<br>L&Ouml;SNINGAR<\/figcaption>\n    <\/figure>\n<\/div>\n\n\n\n<p class=\"has-text-align-center\">V&aring;r produktportf&ouml;lj inkluderar diverse l&ouml;sningar som hj&auml;lper dig att uppn&aring; dina h&aring;llbarhetsm&aring;l.<\/p>\n<\/div>\n\n\n\n<div class=\"wp-block-column is-layout-flow wp-block-column-is-layout-flow\">\n<div class=\"wp-block-image\">\n    <figure class=\"aligncenter size-large\">\n        <div id=\"materials\"><\/div>\n        <figcaption>F&Ouml;RNYBARA<br>MATERIAL<\/figcaption>\n    <\/figure>\n<\/div>\n\n\n\n<p class=\"has-text-align-center\">Tack vare ISCC-certifieringen kan v&aring;ra f&ouml;rpackningar &auml;ven tillverkas av 100% f&ouml;rnybara resurser.<\/p>\n<\/div>\n<\/div>\n\n\n\n<p>F&ouml;r att l&auml;ra dig mer om v&aring;r ESG, kvalitets- och milj&ouml;riktlinjer, v&auml;nligen <a href=\"https:\/\/plastar.ee\/sv\/kontakt\/#ledningsgrupp\">kontakta v&aring;rt team<\/a>.<\/p>\n\n\n\n<div style=\"height:100px\" aria-hidden=\"true\" class=\"wp-block-spacer\"><\/div>\n\n\n\n<h2 class=\"wp-block-heading\" id=\"v&aring;ra-utm&auml;rkelser\">V&aring;ra utm&auml;rkelser<\/h2>\n\n\n\n<div class=\"wp-block-plastar-cert-columns sertifikaadid sustainability-icons cblock\">\n<div class=\"wp-block-plastar-sertificate-row icon-wrap\" data-aos=\"fade-up\"><div class=\"icon-image\"><div class=\"icon-file\"><a rel=\"noopener\" href=\"https:\/\/plastar.ee\/wp-content\/uploads\/2025\/05\/ISCC-PLUS-Cert-EE477-00000029_Estiko-Plastar-AS_exp080526.pdf\" target=\"_blank\"><svg xmlns=\"http:\/\/www.w3.org\/2000\/svg\" width=\"24\" height=\"24\" viewbox=\"0 0 24 24\"><g id=\"Group_4633\" data-name=\"Group 4633\" transform=\"translate(-133 -2314.703)\"><circle id=\"Ellipse_163\" data-name=\"Ellipse 163\" cx=\"12\" cy=\"12\" r=\"12\" transform=\"translate(133 2314.703)\" fill=\"#efc10c\"><\/circle><g id=\"Group_4632\" data-name=\"Group 4632\" transform=\"translate(58.404 44.653)\"><line id=\"Line_437\" data-name=\"Line 437\" x2=\"9.192\" transform=\"translate(82 2282.049)\" fill=\"none\" stroke=\"#1d397a\" stroke-width=\"1.5\"><\/line><line id=\"Line_438\" data-name=\"Line 438\" x2=\"9.192\" transform=\"translate(86.596 2277.453) rotate(90)\" fill=\"none\" stroke=\"#1d397a\" stroke-width=\"1.5\"><\/line><\/g><\/g><\/svg><\/a><\/div><img decoding=\"async\" src=\"https:\/\/plastar.ee\/wp-content\/uploads\/2025\/02\/ISCC-certification_250x250px.png\"><\/div><h3 class=\"icon-title\"><\/h3><\/div>\n\n\n\n<div class=\"wp-block-plastar-sertificate-row icon-wrap\" data-aos=\"fade-up\"><div class=\"icon-image\"><img decoding=\"async\" src=\"https:\/\/plastar.ee\/wp-content\/uploads\/2024\/06\/RecyClass-logo_Estiko_250x250px.png\"><\/div><h3 class=\"icon-title\"><\/h3><\/div>\n\n\n\n<div class=\"wp-block-plastar-sertificate-row icon-wrap\" data-aos=\"fade-up\"><div class=\"icon-image\"><img decoding=\"async\" src=\"https:\/\/plastar.ee\/wp-content\/uploads\/2024\/10\/Best-Estonian-Companies-2024_TOP-1-Sustainability-Developer_Estiko-Plastar-AS.png\"><\/div><h3 class=\"icon-title\"><\/h3><\/div>\n\n\n\n<div class=\"wp-block-plastar-sertificate-row icon-wrap\" data-aos=\"fade-up\"><div class=\"icon-image\"><div class=\"icon-file\"><a rel=\"noopener\" href=\"https:\/\/plastar.ee\/wp-content\/uploads\/2026\/04\/FSC-Certificate_Estiko-Plastar-AS_015421_exp.04.03.2030-2.pdf\" target=\"_blank\"><svg xmlns=\"http:\/\/www.w3.org\/2000\/svg\" width=\"24\" height=\"24\" viewbox=\"0 0 24 24\"><g id=\"Group_4633\" data-name=\"Group 4633\" transform=\"translate(-133 -2314.703)\"><circle id=\"Ellipse_163\" data-name=\"Ellipse 163\" cx=\"12\" cy=\"12\" r=\"12\" transform=\"translate(133 2314.703)\" fill=\"#efc10c\"><\/circle><g id=\"Group_4632\" data-name=\"Group 4632\" transform=\"translate(58.404 44.653)\"><line id=\"Line_437\" data-name=\"Line 437\" x2=\"9.192\" transform=\"translate(82 2282.049)\" fill=\"none\" stroke=\"#1d397a\" stroke-width=\"1.5\"><\/line><line id=\"Line_438\" data-name=\"Line 438\" x2=\"9.192\" transform=\"translate(86.596 2277.453) rotate(90)\" fill=\"none\" stroke=\"#1d397a\" stroke-width=\"1.5\"><\/line><\/g><\/g><\/svg><\/a><\/div><img decoding=\"async\" src=\"https:\/\/plastar.ee\/wp-content\/uploads\/2025\/03\/FSC_Estiko-Packaging-Solutions_C213010.png\"><\/div><h3 class=\"icon-title\"><\/h3><\/div>\n<\/div>\n\n\n\n<div style=\"height:100px\" aria-hidden=\"true\" class=\"wp-block-spacer\"><\/div>\n\n\n\n<div class=\"wp-block-columns right-float is-layout-flex wp-container-core-columns-is-layout-9d6595d7 wp-block-columns-is-layout-flex\">\n<div class=\"wp-block-column is-layout-flow wp-block-column-is-layout-flow\">\n<h2 class=\"wp-block-heading\" id=\"produkter-och-material\">Produkter och material<\/h2>\n\n\n\n<p>Vi kan erbjuda milj&ouml;v&auml;nligare alternativ till traditionella l&ouml;sningar inom praktiskt taget alla f&ouml;rpackningstyper och -kategorier. <\/p>\n\n\n\n<p>I v&aring;rt utvecklingsarbete utg&aring;r vi fr&aring;n de tre traditionella pelarna eller de tre R:en: reduce, reuse and recycle, dvs. minimera, &aring;teranv&auml;nd och &aring;tervinn. Vi p&aring; Estiko har lagt till ytterligare en led &ndash; renew, dvs. anv&auml;ndning av f&ouml;rnybara r&aring;varor. <\/p>\n\n\n\n<p>I v&aring;rt sortiment hittar man olika h&aring;llbara material framst&auml;llda av antingen f&ouml;rnybara r&aring;varor eller &aring;tervinningsmaterial. Dessutom finns m&ouml;jligheten att anv&auml;nda l&auml;tt&aring;tervunna basmaterial.<\/p>\n\n\n\n<div style=\"height:30px\" aria-hidden=\"true\" class=\"wp-block-spacer\"><\/div>\n\n\n\n<p class=\"read-more f-10\"><a data-type=\"page\" data-id=\"9\" href=\"https:\/\/plastar.ee\/sv\/produkter\/\">L<\/a><a href=\"https:\/\/plastar.ee\/sv\/produkter\/\">&auml;s mer om v&aring;rt produktsortiment<\/a><\/p>\n<\/div>\n\n\n\n<div class=\"wp-block-column is-layout-flow wp-block-column-is-layout-flow\">\n<figure class=\"wp-block-image size-large square-clip with-lines yellow-lines square\"><img loading=\"lazy\" decoding=\"async\" width=\"1024\" height=\"683\" src=\"https:\/\/plastar.ee\/wp-content\/uploads\/2021\/07\/estiko-76-1024x683.jpg\" alt=\"\" class=\"wp-image-787\" srcset=\"https:\/\/plastar.ee\/wp-content\/uploads\/2021\/07\/estiko-76-1024x683.jpg 1024w, https:\/\/plastar.ee\/wp-content\/uploads\/2021\/07\/estiko-76-300x200.jpg 300w, https:\/\/plastar.ee\/wp-content\/uploads\/2021\/07\/estiko-76-768x512.jpg 768w, https:\/\/plastar.ee\/wp-content\/uploads\/2021\/07\/estiko-76-1536x1024.jpg 1536w, https:\/\/plastar.ee\/wp-content\/uploads\/2021\/07\/estiko-76-2048x1365.jpg 2048w, https:\/\/plastar.ee\/wp-content\/uploads\/2021\/07\/estiko-76-scaled.jpg 1920w\" sizes=\"auto, (max-width: 1024px) 100vw, 1024px\" \/><\/figure>\n<\/div>\n<\/div>\n\n\n\n<div style=\"height:100px\" aria-hidden=\"true\" id=\"tj&auml;nster\" class=\"wp-block-spacer\"><\/div>\n\n\n\n<div class=\"wp-block-columns right-float no-float is-layout-flex wp-container-core-columns-is-layout-9d6595d7 wp-block-columns-is-layout-flex\">\n<div class=\"wp-block-column is-layout-flow wp-block-column-is-layout-flow\">\n<figure class=\"wp-block-image size-large square with-lines w435 rounded\"><img loading=\"lazy\" decoding=\"async\" width=\"681\" height=\"1024\" src=\"https:\/\/plastar.ee\/wp-content\/uploads\/2022\/03\/Estiko-Plastar_RD_testing2-681x1024.jpg\" alt=\"\" class=\"wp-image-3418\" srcset=\"https:\/\/plastar.ee\/wp-content\/uploads\/2022\/03\/Estiko-Plastar_RD_testing2-681x1024.jpg 681w, https:\/\/plastar.ee\/wp-content\/uploads\/2022\/03\/Estiko-Plastar_RD_testing2-200x300.jpg 200w, https:\/\/plastar.ee\/wp-content\/uploads\/2022\/03\/Estiko-Plastar_RD_testing2-768x1154.jpg 768w, https:\/\/plastar.ee\/wp-content\/uploads\/2022\/03\/Estiko-Plastar_RD_testing2-1022x1536.jpg 1022w, https:\/\/plastar.ee\/wp-content\/uploads\/2022\/03\/Estiko-Plastar_RD_testing2-1362x2048.jpg 1362w, https:\/\/plastar.ee\/wp-content\/uploads\/2022\/03\/Estiko-Plastar_RD_testing2-scaled.jpg 1703w\" sizes=\"auto, (max-width: 681px) 100vw, 681px\" \/><\/figure>\n<\/div>\n\n\n\n<div class=\"wp-block-column is-layout-flow wp-block-column-is-layout-flow\">\n<h2 class=\"wp-block-heading\">Tj&auml;nster<\/h2>\n\n\n\n<p>V&aring;r l&aring;nga erfarenhet och omfattande kunskaper om f&ouml;rpackningar m&ouml;jligg&ouml;r f&ouml;r oss att erbjuda v&aring;ra kunder olika merv&auml;rdestj&auml;nster. Vi presenterar en helt ny l&ouml;sning: en h&aring;llbarhetsrevision som syftar till att hitta l&ouml;sningar och komma med f&ouml;rslag f&ouml;r att g&ouml;ra dina befintliga f&ouml;rpackningsmaterial mer h&aring;llbara. <\/p>\n\n\n\n<p>Hela processen tar en till tre dagar, beroende p&aring; hur komplicerade de befintliga materialen och produkterna &auml;r. Vi hj&auml;lper v&aring;ra kunder att visualisera hela processen och slutresultatet genom grundliga diskussioner. Under ett grundligt bes&ouml;k i fabriken granskar vi hela f&ouml;rpackningsprocessen f&ouml;r att se hur plastfolier l&ouml;per p&aring; maskinerna och vilka utvecklingsm&ouml;jligheter som kan hittas. Den insamlade informationen &auml;r viktig som indata f&ouml;r n&auml;rmare analys av dina behov och m&ouml;jligheter.<\/p>\n\n\n\n<p>Vi delar g&auml;rna med oss av v&aring;ra kunskaper f&ouml;r att g&ouml;ra dina f&ouml;rpackningar mer h&aring;llbara. Kontakta oss och vi ska tillsammans hitta de b&auml;sta l&ouml;sningarna f&ouml;r dina f&ouml;rpackningar!<\/p>\n\n\n\n<div style=\"height:30px\" aria-hidden=\"true\" class=\"wp-block-spacer\"><\/div>\n\n\n\n<div class=\"wp-block-buttons is-layout-flex wp-block-buttons-is-layout-flex\">\n<div class=\"wp-block-button get-audit\"><a class=\"wp-block-button__link wp-element-button\">Best&auml;ll h&aring;llbarhetsrevisionen h&auml;r<\/a><\/div>\n<\/div>\n<\/div>\n<\/div>\n\n\n\n<div style=\"height:100px\" aria-hidden=\"true\" id=\"tillverkning\" class=\"wp-block-spacer\"><\/div>\n\n\n\n<div class=\"wp-block-columns tootmine is-layout-flex wp-container-core-columns-is-layout-9d6595d7 wp-block-columns-is-layout-flex\">\n<div class=\"wp-block-column is-layout-flow wp-block-column-is-layout-flow\" style=\"flex-basis:66.66%\">\n<h2 class=\"wp-block-heading\">Tillverkning<\/h2>\n\n\n\n<p>Hela v&aring;r tillverkningsprocess &auml;r fokuserad p&aring; minimal energi- och materialf&ouml;rbrukning samt &ouml;kad effektivitet f&ouml;r att minimera det ekologiska fotavtrycket.<\/p>\n<\/div>\n\n\n\n<div class=\"wp-block-column is-layout-flow wp-block-column-is-layout-flow\" style=\"flex-basis:33.33%\"><\/div>\n<\/div>\n\n\n\n<div class=\"wp-block-columns tootmine-row is-layout-flex wp-container-core-columns-is-layout-9d6595d7 wp-block-columns-is-layout-flex\">\n<div class=\"wp-block-column is-vertically-aligned-top is-layout-flow wp-block-column-is-layout-flow\">\n<div class=\"wp-block-image\">\n\n<figure class=\"aligncenter size-large\">\n\n<div id=\"solar2\"><\/div>\n\n<figcaption>F&Ouml;RNYBAR<br>ENERGI<\/figcaption>\n\n<\/figure><\/div>\n\n\n\n<p class=\"has-text-align-center\">Alla v&aring;ra f&ouml;rpackningsl&ouml;sningar och material har framst&auml;llts med hj&auml;lp av gr&ouml;n energi.<\/p>\n<\/div>\n\n\n\n<div class=\"wp-block-column is-vertically-aligned-top is-layout-flow wp-block-column-is-layout-flow\">\n<div class=\"wp-block-image\"><figure class=\"aligncenter size-large\"><div id=\"waste2\"><\/div><figcaption>F&Ouml;RPACKNINGS-<br>KRETSLOPP<\/figcaption><\/figure><\/div>\n\n\n\n<p class=\"has-text-align-center\">Vi &aring;tervinner &ouml;ver 95% av allt avfall fr&aring;n v&aring;r produktionsprocess.<\/p>\n<\/div>\n\n\n\n<div class=\"wp-block-column is-vertically-aligned-top is-layout-flow wp-block-column-is-layout-flow\">\n<div class=\"wp-block-image\"><figure class=\"aligncenter size-large\"><div id=\"vent\"><\/div><figcaption>SMARTA<br>L&Ouml;SNINGAR<\/figcaption><\/figure><\/div>\n\n\n\n<p class=\"has-text-align-center\">Av energibesparingssk&auml;l v&auml;rms den kalla tilluften upp med varm fr&aring;nluft i hela byggnaden.<\/p>\n<\/div>\n\n\n\n<div class=\"wp-block-column is-layout-flow wp-block-column-is-layout-flow\">\n<div class=\"wp-block-image\"><figure class=\"aligncenter size-large\"><div id=\"reduction\"><\/div><figcaption>F&Ouml;RPACKNINGS-<br>INNOVATION<\/figcaption><\/figure><\/div>\n\n\n\n<p class=\"has-text-align-center\">Vi utarbetar hela tiden nya f&ouml;rpackningsl&ouml;sningar som hj&auml;lper till att uppn&aring; h&aring;llbarhetsm&aring;len.<\/p>\n<\/div>\n\n\n\n<div class=\"wp-block-column is-vertically-aligned-top is-layout-flow wp-block-column-is-layout-flow\">\n<div class=\"wp-block-image\"><figure class=\"aligncenter size-large\"><div id=\"print_color\"><\/div><figcaption>SATSNING P&Aring;<br>CIRKUL&Auml;R EKONOMI<\/figcaption><\/figure><\/div>\n\n\n\n<p class=\"has-text-align-center\">Allt kvarblivet l&ouml;sningsmedel f&ouml;r tryckf&auml;rg destilleras och &aring;teranv&auml;nds internt.<\/p>\n<\/div>\n<\/div>\n\n\n\n<div style=\"height:100px\" aria-hidden=\"true\" class=\"wp-block-spacer\"><\/div>\n<\/body><\/html>\n","protected":false},"excerpt":{"rendered":"<p>H&aring;llbarhet H&aring;llbarhet &auml;r ett tema som ligger n&auml;ra hj&auml;rtat f&ouml;r oss. D&auml;rf&ouml;r tar vi p&aring; Estiko alltid h&auml;nsyn till den omgivande milj&ouml;n i v&aring;ra aktiviteter f&ouml;r att bidra till bevarandet av en god livsmilj&ouml; f&ouml;r kommande generationer. N&auml;r det g&auml;ller v&aring;ra f&ouml;rpackningsl&ouml;sningars kontinuerliga utveckling har vi alltid varit engagerade i att f&ouml;rb&auml;ttra h&aring;llbarheten i alla [&hellip;]<\/p>\n","protected":false},"author":3,"featured_media":7365,"parent":0,"menu_order":22,"comment_status":"closed","ping_status":"closed","template":"page_jatkusuutlikus.php","meta":{"_acf_changed":false,"footnotes":""},"class_list":["post-2471","page","type-page","status-publish","has-post-thumbnail","hentry"],"acf":[],"yoast_head":"<!-- This site is optimized with the Yoast SEO plugin v27.4 - https:\/\/yoast.com\/product\/yoast-seo-wordpress\/ -->\n<title>H\u00e5llbarhet | Estiko Packaging Solutions<\/title>\n<meta name=\"description\" content=\"H\u00e5llbarhet \u00e4r ett \u00e4mne som ligger oss varmt om hj\u00e4rtat. D\u00e4rf\u00f6r har Estiko vidtagit m\u00e5nga \u00e5tg\u00e4rder f\u00f6r att minska f\u00f6rpackningsavfallet och uppn\u00e5 en renare milj\u00f6.\" \/>\n<meta name=\"robots\" content=\"index, follow, max-snippet:-1, max-image-preview:large, max-video-preview:-1\" \/>\n<link rel=\"canonical\" href=\"https:\/\/plastar.ee\/sv\/hallbarhet\/\" \/>\n<meta property=\"og:locale\" content=\"sv_SE\" \/>\n<meta property=\"og:type\" content=\"article\" \/>\n<meta property=\"og:title\" content=\"H\u00e5llbarhet | Estiko Packaging Solutions\" \/>\n<meta property=\"og:description\" content=\"H\u00e5llbarhet \u00e4r ett \u00e4mne som ligger oss varmt om hj\u00e4rtat. D\u00e4rf\u00f6r har Estiko vidtagit m\u00e5nga \u00e5tg\u00e4rder f\u00f6r att minska f\u00f6rpackningsavfallet och uppn\u00e5 en renare milj\u00f6.\" \/>\n<meta property=\"og:url\" content=\"https:\/\/plastar.ee\/sv\/hallbarhet\/\" \/>\n<meta property=\"og:site_name\" content=\"Estiko Packaging Solutions\" \/>\n<meta property=\"article:publisher\" content=\"https:\/\/www.facebook.com\/EstikoPlastar\" \/>\n<meta property=\"article:modified_time\" content=\"2026-04-20T06:11:37+00:00\" \/>\n<meta property=\"og:image\" content=\"https:\/\/plastar.ee\/wp-content\/uploads\/2021\/09\/5-1.png\" \/>\n\t<meta property=\"og:image:width\" content=\"2245\" \/>\n\t<meta property=\"og:image:height\" content=\"1587\" \/>\n\t<meta property=\"og:image:type\" content=\"image\/png\" \/>\n<meta name=\"twitter:card\" content=\"summary_large_image\" \/>\n<meta name=\"twitter:label1\" content=\"Ber\u00e4knad l\u00e4stid\" \/>\n\t<meta name=\"twitter:data1\" content=\"5 minuter\" \/>\n<script type=\"application\/ld+json\" class=\"yoast-schema-graph\">{\"@context\":\"https:\\\/\\\/schema.org\",\"@graph\":[{\"@type\":\"WebPage\",\"@id\":\"https:\\\/\\\/plastar.ee\\\/sv\\\/hallbarhet\\\/\",\"url\":\"https:\\\/\\\/plastar.ee\\\/sv\\\/hallbarhet\\\/\",\"name\":\"H\u00e5llbarhet | Estiko Packaging Solutions\",\"isPartOf\":{\"@id\":\"https:\\\/\\\/plastar.ee\\\/sv\\\/#website\"},\"primaryImageOfPage\":{\"@id\":\"https:\\\/\\\/plastar.ee\\\/sv\\\/hallbarhet\\\/#primaryimage\"},\"image\":{\"@id\":\"https:\\\/\\\/plastar.ee\\\/sv\\\/hallbarhet\\\/#primaryimage\"},\"thumbnailUrl\":\"https:\\\/\\\/plastar.ee\\\/wp-content\\\/uploads\\\/2021\\\/09\\\/5-1.png\",\"datePublished\":\"2021-05-11T08:30:36+00:00\",\"dateModified\":\"2026-04-20T06:11:37+00:00\",\"description\":\"H\u00e5llbarhet \u00e4r ett \u00e4mne som ligger oss varmt om hj\u00e4rtat. D\u00e4rf\u00f6r har Estiko vidtagit m\u00e5nga \u00e5tg\u00e4rder f\u00f6r att minska f\u00f6rpackningsavfallet och uppn\u00e5 en renare milj\u00f6.\",\"inLanguage\":\"sv-SE\",\"potentialAction\":[{\"@type\":\"ReadAction\",\"target\":[\"https:\\\/\\\/plastar.ee\\\/sv\\\/hallbarhet\\\/\"]}]},{\"@type\":\"ImageObject\",\"inLanguage\":\"sv-SE\",\"@id\":\"https:\\\/\\\/plastar.ee\\\/sv\\\/hallbarhet\\\/#primaryimage\",\"url\":\"https:\\\/\\\/plastar.ee\\\/wp-content\\\/uploads\\\/2021\\\/09\\\/5-1.png\",\"contentUrl\":\"https:\\\/\\\/plastar.ee\\\/wp-content\\\/uploads\\\/2021\\\/09\\\/5-1.png\",\"width\":2245,\"height\":1587},{\"@type\":\"WebSite\",\"@id\":\"https:\\\/\\\/plastar.ee\\\/sv\\\/#website\",\"url\":\"https:\\\/\\\/plastar.ee\\\/sv\\\/\",\"name\":\"Estiko Packaging Solutions\",\"description\":\"Kindel partner pakendilahendustes\",\"publisher\":{\"@id\":\"https:\\\/\\\/plastar.ee\\\/sv\\\/#organization\"},\"potentialAction\":[{\"@type\":\"SearchAction\",\"target\":{\"@type\":\"EntryPoint\",\"urlTemplate\":\"https:\\\/\\\/plastar.ee\\\/sv\\\/?s={search_term_string}\"},\"query-input\":{\"@type\":\"PropertyValueSpecification\",\"valueRequired\":true,\"valueName\":\"search_term_string\"}}],\"inLanguage\":\"sv-SE\"},{\"@type\":\"Organization\",\"@id\":\"https:\\\/\\\/plastar.ee\\\/sv\\\/#organization\",\"name\":\"Estiko Packaging Solutions\",\"url\":\"https:\\\/\\\/plastar.ee\\\/sv\\\/\",\"logo\":{\"@type\":\"ImageObject\",\"inLanguage\":\"sv-SE\",\"@id\":\"https:\\\/\\\/plastar.ee\\\/sv\\\/#\\\/schema\\\/logo\\\/image\\\/\",\"url\":\"https:\\\/\\\/plastar.ee\\\/wp-content\\\/uploads\\\/2023\\\/11\\\/Estiko-Plastar_logo_03.svg\",\"contentUrl\":\"https:\\\/\\\/plastar.ee\\\/wp-content\\\/uploads\\\/2023\\\/11\\\/Estiko-Plastar_logo_03.svg\",\"width\":475,\"height\":165,\"caption\":\"Estiko Packaging Solutions\"},\"image\":{\"@id\":\"https:\\\/\\\/plastar.ee\\\/sv\\\/#\\\/schema\\\/logo\\\/image\\\/\"},\"sameAs\":[\"https:\\\/\\\/www.facebook.com\\\/EstikoPlastar\",\"https:\\\/\\\/www.linkedin.com\\\/company\\\/estiko-plastar-as\",\"https:\\\/\\\/www.youtube.com\\\/channel\\\/UCbI4N1FRv14oZqm-OYSsn3A\",\"https:\\\/\\\/www.instagram.com\\\/estikopackaging\\\/\"]}]}<\/script>\n<!-- \/ Yoast SEO plugin. -->","yoast_head_json":{"title":"H\u00e5llbarhet | Estiko Packaging Solutions","description":"H\u00e5llbarhet \u00e4r ett \u00e4mne som ligger oss varmt om hj\u00e4rtat. D\u00e4rf\u00f6r har Estiko vidtagit m\u00e5nga \u00e5tg\u00e4rder f\u00f6r att minska f\u00f6rpackningsavfallet och uppn\u00e5 en renare milj\u00f6.","robots":{"index":"index","follow":"follow","max-snippet":"max-snippet:-1","max-image-preview":"max-image-preview:large","max-video-preview":"max-video-preview:-1"},"canonical":"https:\/\/plastar.ee\/sv\/hallbarhet\/","og_locale":"sv_SE","og_type":"article","og_title":"H\u00e5llbarhet | Estiko Packaging Solutions","og_description":"H\u00e5llbarhet \u00e4r ett \u00e4mne som ligger oss varmt om hj\u00e4rtat. D\u00e4rf\u00f6r har Estiko vidtagit m\u00e5nga \u00e5tg\u00e4rder f\u00f6r att minska f\u00f6rpackningsavfallet och uppn\u00e5 en renare milj\u00f6.","og_url":"https:\/\/plastar.ee\/sv\/hallbarhet\/","og_site_name":"Estiko Packaging Solutions","article_publisher":"https:\/\/www.facebook.com\/EstikoPlastar","article_modified_time":"2026-04-20T06:11:37+00:00","og_image":[{"width":2245,"height":1587,"url":"https:\/\/plastar.ee\/wp-content\/uploads\/2021\/09\/5-1.png","type":"image\/png"}],"twitter_card":"summary_large_image","twitter_misc":{"Ber\u00e4knad l\u00e4stid":"5 minuter"},"schema":{"@context":"https:\/\/schema.org","@graph":[{"@type":"WebPage","@id":"https:\/\/plastar.ee\/sv\/hallbarhet\/","url":"https:\/\/plastar.ee\/sv\/hallbarhet\/","name":"H\u00e5llbarhet | Estiko Packaging Solutions","isPartOf":{"@id":"https:\/\/plastar.ee\/sv\/#website"},"primaryImageOfPage":{"@id":"https:\/\/plastar.ee\/sv\/hallbarhet\/#primaryimage"},"image":{"@id":"https:\/\/plastar.ee\/sv\/hallbarhet\/#primaryimage"},"thumbnailUrl":"https:\/\/plastar.ee\/wp-content\/uploads\/2021\/09\/5-1.png","datePublished":"2021-05-11T08:30:36+00:00","dateModified":"2026-04-20T06:11:37+00:00","description":"H\u00e5llbarhet \u00e4r ett \u00e4mne som ligger oss varmt om hj\u00e4rtat. D\u00e4rf\u00f6r har Estiko vidtagit m\u00e5nga \u00e5tg\u00e4rder f\u00f6r att minska f\u00f6rpackningsavfallet och uppn\u00e5 en renare milj\u00f6.","inLanguage":"sv-SE","potentialAction":[{"@type":"ReadAction","target":["https:\/\/plastar.ee\/sv\/hallbarhet\/"]}]},{"@type":"ImageObject","inLanguage":"sv-SE","@id":"https:\/\/plastar.ee\/sv\/hallbarhet\/#primaryimage","url":"https:\/\/plastar.ee\/wp-content\/uploads\/2021\/09\/5-1.png","contentUrl":"https:\/\/plastar.ee\/wp-content\/uploads\/2021\/09\/5-1.png","width":2245,"height":1587},{"@type":"WebSite","@id":"https:\/\/plastar.ee\/sv\/#website","url":"https:\/\/plastar.ee\/sv\/","name":"Estiko Packaging Solutions","description":"Kindel partner pakendilahendustes","publisher":{"@id":"https:\/\/plastar.ee\/sv\/#organization"},"potentialAction":[{"@type":"SearchAction","target":{"@type":"EntryPoint","urlTemplate":"https:\/\/plastar.ee\/sv\/?s={search_term_string}"},"query-input":{"@type":"PropertyValueSpecification","valueRequired":true,"valueName":"search_term_string"}}],"inLanguage":"sv-SE"},{"@type":"Organization","@id":"https:\/\/plastar.ee\/sv\/#organization","name":"Estiko Packaging Solutions","url":"https:\/\/plastar.ee\/sv\/","logo":{"@type":"ImageObject","inLanguage":"sv-SE","@id":"https:\/\/plastar.ee\/sv\/#\/schema\/logo\/image\/","url":"https:\/\/plastar.ee\/wp-content\/uploads\/2023\/11\/Estiko-Plastar_logo_03.svg","contentUrl":"https:\/\/plastar.ee\/wp-content\/uploads\/2023\/11\/Estiko-Plastar_logo_03.svg","width":475,"height":165,"caption":"Estiko Packaging Solutions"},"image":{"@id":"https:\/\/plastar.ee\/sv\/#\/schema\/logo\/image\/"},"sameAs":["https:\/\/www.facebook.com\/EstikoPlastar","https:\/\/www.linkedin.com\/company\/estiko-plastar-as","https:\/\/www.youtube.com\/channel\/UCbI4N1FRv14oZqm-OYSsn3A","https:\/\/www.instagram.com\/estikopackaging\/"]}]}},"_links":{"self":[{"href":"https:\/\/plastar.ee\/sv\/wp-json\/wp\/v2\/pages\/2471","targetHints":{"allow":["GET"]}}],"collection":[{"href":"https:\/\/plastar.ee\/sv\/wp-json\/wp\/v2\/pages"}],"about":[{"href":"https:\/\/plastar.ee\/sv\/wp-json\/wp\/v2\/types\/page"}],"author":[{"embeddable":true,"href":"https:\/\/plastar.ee\/sv\/wp-json\/wp\/v2\/users\/3"}],"replies":[{"embeddable":true,"href":"https:\/\/plastar.ee\/sv\/wp-json\/wp\/v2\/comments?post=2471"}],"version-history":[{"count":19,"href":"https:\/\/plastar.ee\/sv\/wp-json\/wp\/v2\/pages\/2471\/revisions"}],"predecessor-version":[{"id":7280,"href":"https:\/\/plastar.ee\/sv\/wp-json\/wp\/v2\/pages\/2471\/revisions\/7280"}],"wp:featuredmedia":[{"embeddable":true,"href":"https:\/\/plastar.ee\/sv\/wp-json\/wp\/v2\/media\/7365"}],"wp:attachment":[{"href":"https:\/\/plastar.ee\/sv\/wp-json\/wp\/v2\/media?parent=2471"}],"curies":[{"name":"wp","href":"https:\/\/api.w.org\/{rel}","templated":true}]}}